{"id":1250,"date":"2024-02-06T17:10:40","date_gmt":"2024-02-06T16:10:40","guid":{"rendered":"https:\/\/learnerproject.org\/objectius-del-projecte\/"},"modified":"2024-04-29T13:34:58","modified_gmt":"2024-04-29T11:34:58","slug":"objectius-del-projecte","status":"publish","type":"page","link":"https:\/\/learnerproject.org\/ca\/objectius-del-projecte\/","title":{"rendered":"Objectius del projecte"},"content":{"rendered":"\t\t<div data-elementor-type=\"wp-page\" data-elementor-id=\"1250\" class=\"elementor elementor-1250 elementor-34\" data-elementor-post-type=\"page\">\n\t\t\t\t<div class=\"elementor-element elementor-element-7661d0d2 e-con-full e-flex e-con e-parent\" data-id=\"7661d0d2\" data-element_type=\"container\" data-e-type=\"container\" data-settings=\"{&quot;background_background&quot;:&quot;classic&quot;}\">\n\t\t\t\t<div class=\"elementor-element elementor-element-734c2dbe elementor-absolute elementor-widget elementor-widget-image\" data-id=\"734c2dbe\" data-element_type=\"widget\" data-e-type=\"widget\" data-settings=\"{&quot;_position&quot;:&quot;absolute&quot;}\" data-widget_type=\"image.default\">\n\t\t\t\t<div class=\"elementor-widget-container\">\n\t\t\t\t\t\t\t\t\t\t\t\t\t\t\t<img decoding=\"async\" src=\"https:\/\/learnerproject.org\/wp-content\/uploads\/2024\/02\/lineas-fondo.svg\" class=\"attachment-full size-full wp-image-1230\" alt=\"\" \/>\t\t\t\t\t\t\t\t\t\t\t\t\t\t\t<\/div>\n\t\t\t\t<\/div>\n\t\t<div class=\"elementor-element elementor-element-41ca525b e-con-full e-flex e-con e-child\" data-id=\"41ca525b\" data-element_type=\"container\" data-e-type=\"container\" data-settings=\"{&quot;background_background&quot;:&quot;classic&quot;}\">\n\t\t\t\t<div class=\"elementor-element elementor-element-12c3bb1 elementor-widget__width-initial elementor-widget elementor-widget-heading\" data-id=\"12c3bb1\" data-element_type=\"widget\" data-e-type=\"widget\" data-widget_type=\"heading.default\">\n\t\t\t\t<div class=\"elementor-widget-container\">\n\t\t\t\t\t<h1 class=\"elementor-heading-title elementor-size-default\">Objectius del projecte<\/h1>\t\t\t\t<\/div>\n\t\t\t\t<\/div>\n\t\t\t\t<\/div>\n\t\t\t\t<\/div>\n\t\t<div class=\"elementor-element elementor-element-9dd6e36 e-flex e-con-boxed e-con e-parent\" data-id=\"9dd6e36\" data-element_type=\"container\" data-e-type=\"container\" data-settings=\"{&quot;background_background&quot;:&quot;classic&quot;}\">\n\t\t\t\t\t<div class=\"e-con-inner\">\n\t\t\t\t<div class=\"elementor-element elementor-element-c32a2e8 elementor-widget elementor-widget-text-editor\" data-id=\"c32a2e8\" data-element_type=\"widget\" data-e-type=\"widget\" data-widget_type=\"text-editor.default\">\n\t\t\t\t<div class=\"elementor-widget-container\">\n\t\t\t\t\t\t\t\t\t<p><strong>L&#8217;objectiu general<\/strong> de LEARNER \u00e9s analitzar l&#8217;impacte de les pol\u00edtiques curriculars, les pr\u00e0ctiques pedag\u00f2giques i els contextos socials dels i les estudiants en la construcci\u00f3 de la seva identitat d&#8217;aprenent, a trav\u00e9s de l&#8217;articulaci\u00f3 de diferents experi\u00e8ncies i traject\u00f2ries d&#8217;aprenentatge durant l&#8217;educaci\u00f3 secund\u00e0ria.<\/p>\n\t\t\t\t\t\t\t\t<\/div>\n\t\t\t\t<\/div>\n\t\t\t\t\t<\/div>\n\t\t\t\t<\/div>\n\t\t<div class=\"elementor-element elementor-element-f991841 e-flex e-con-boxed e-con e-parent\" data-id=\"f991841\" data-element_type=\"container\" data-e-type=\"container\">\n\t\t\t\t\t<div class=\"e-con-inner\">\n\t\t<div class=\"elementor-element elementor-element-5f50fdf e-con-full e-flex e-con e-child\" data-id=\"5f50fdf\" data-element_type=\"container\" data-e-type=\"container\" data-settings=\"{&quot;background_background&quot;:&quot;classic&quot;}\">\n\t\t<div class=\"elementor-element elementor-element-08dd8e5 e-con-full e-flex e-con e-child\" data-id=\"08dd8e5\" data-element_type=\"container\" data-e-type=\"container\" data-settings=\"{&quot;background_background&quot;:&quot;classic&quot;}\">\n\t\t\t\t<div class=\"elementor-element elementor-element-3b20498 elementor-widget elementor-widget-heading\" data-id=\"3b20498\" data-element_type=\"widget\" data-e-type=\"widget\" data-widget_type=\"heading.default\">\n\t\t\t\t<div class=\"elementor-widget-container\">\n\t\t\t\t\t<span class=\"elementor-heading-title elementor-size-xxl\">1<\/span>\t\t\t\t<\/div>\n\t\t\t\t<\/div>\n\t\t\t\t<\/div>\n\t\t\t\t<div class=\"elementor-element elementor-element-1dd92d2 elementor-widget-divider--view-line_text elementor-widget-divider--element-align-center elementor-widget elementor-widget-divider\" data-id=\"1dd92d2\" data-element_type=\"widget\" data-e-type=\"widget\" data-widget_type=\"divider.default\">\n\t\t\t\t<div class=\"elementor-widget-container\">\n\t\t\t\t\t\t\t<div class=\"elementor-divider\">\n\t\t\t<span class=\"elementor-divider-separator\">\n\t\t\t\t\t\t\t<span class=\"elementor-divider__text elementor-divider__element\">\n\t\t\t\tObjectiu Espec\u00edfic OE1\t\t\t\t<\/span>\n\t\t\t\t\t\t<\/span>\n\t\t<\/div>\n\t\t\t\t\t\t<\/div>\n\t\t\t\t<\/div>\n\t\t\t\t<div class=\"elementor-element elementor-element-8c0f867 elementor-widget elementor-widget-heading\" data-id=\"8c0f867\" data-element_type=\"widget\" data-e-type=\"widget\" data-widget_type=\"heading.default\">\n\t\t\t\t<div class=\"elementor-widget-container\">\n\t\t\t\t\t<h2 class=\"elementor-heading-title elementor-size-default\">Concepcions<\/h2>\t\t\t\t<\/div>\n\t\t\t\t<\/div>\n\t\t\t\t<div class=\"elementor-element elementor-element-4f4da4f elementor-widget elementor-widget-text-editor\" data-id=\"4f4da4f\" data-element_type=\"widget\" data-e-type=\"widget\" data-widget_type=\"text-editor.default\">\n\t\t\t\t<div class=\"elementor-widget-container\">\n\t\t\t\t\t\t\t\t\t<p>Analitzar les concepcions sobre aprenentatge subjacents en els discursos pol\u00edtics i pedag\u00f2gics, i investigar com aquestes concepcions es reflecteixen en enfocaments curriculars a l&#8217;educaci\u00f3 secund\u00e0ria<\/p>\n\t\t\t\t\t\t\t\t<\/div>\n\t\t\t\t<\/div>\n\t\t\t\t<\/div>\n\t\t<div class=\"elementor-element elementor-element-78ab15b e-con-full e-flex e-con e-child\" data-id=\"78ab15b\" data-element_type=\"container\" data-e-type=\"container\" data-settings=\"{&quot;background_background&quot;:&quot;classic&quot;}\">\n\t\t<div class=\"elementor-element elementor-element-192ca34 e-con-full e-flex e-con e-child\" data-id=\"192ca34\" data-element_type=\"container\" data-e-type=\"container\" data-settings=\"{&quot;background_background&quot;:&quot;classic&quot;}\">\n\t\t\t\t<div class=\"elementor-element elementor-element-b73f901 elementor-widget elementor-widget-heading\" data-id=\"b73f901\" data-element_type=\"widget\" data-e-type=\"widget\" data-widget_type=\"heading.default\">\n\t\t\t\t<div class=\"elementor-widget-container\">\n\t\t\t\t\t<span class=\"elementor-heading-title elementor-size-xxl\">2<\/span>\t\t\t\t<\/div>\n\t\t\t\t<\/div>\n\t\t\t\t<\/div>\n\t\t\t\t<div class=\"elementor-element elementor-element-eae115d elementor-widget-divider--view-line_text elementor-widget-divider--element-align-center elementor-widget elementor-widget-divider\" data-id=\"eae115d\" data-element_type=\"widget\" data-e-type=\"widget\" data-widget_type=\"divider.default\">\n\t\t\t\t<div class=\"elementor-widget-container\">\n\t\t\t\t\t\t\t<div class=\"elementor-divider\">\n\t\t\t<span class=\"elementor-divider-separator\">\n\t\t\t\t\t\t\t<span class=\"elementor-divider__text elementor-divider__element\">\n\t\t\t\tObjectiu Espec\u00edfic OE2\t\t\t\t<\/span>\n\t\t\t\t\t\t<\/span>\n\t\t<\/div>\n\t\t\t\t\t\t<\/div>\n\t\t\t\t<\/div>\n\t\t\t\t<div class=\"elementor-element elementor-element-2daa805 elementor-widget elementor-widget-heading\" data-id=\"2daa805\" data-element_type=\"widget\" data-e-type=\"widget\" data-widget_type=\"heading.default\">\n\t\t\t\t<div class=\"elementor-widget-container\">\n\t\t\t\t\t<h2 class=\"elementor-heading-title elementor-size-default\">Implementaci\u00f3<\/h2>\t\t\t\t<\/div>\n\t\t\t\t<\/div>\n\t\t\t\t<div class=\"elementor-element elementor-element-92efc6a elementor-widget elementor-widget-text-editor\" data-id=\"92efc6a\" data-element_type=\"widget\" data-e-type=\"widget\" data-widget_type=\"text-editor.default\">\n\t\t\t\t<div class=\"elementor-widget-container\">\n\t\t\t\t\t\t\t\t\t<p>Estudiar la posada en pr\u00e0ctica de les pol\u00edtiques curriculars a nivell escolar, explorant com diferents contextos escolars, enfocaments pedag\u00f2gics, pr\u00e0ctiques i creences docents configuren diferents cultures d&#8217;aprenentatge a l&#8217;educaci\u00f3 secund\u00e0ria.<\/p>\n\t\t\t\t\t\t\t\t<\/div>\n\t\t\t\t<\/div>\n\t\t\t\t<\/div>\n\t\t<div class=\"elementor-element elementor-element-aa73fb1 e-con-full e-flex e-con e-child\" data-id=\"aa73fb1\" data-element_type=\"container\" data-e-type=\"container\" data-settings=\"{&quot;background_background&quot;:&quot;classic&quot;}\">\n\t\t<div class=\"elementor-element elementor-element-cc372d4 e-con-full e-flex e-con e-child\" data-id=\"cc372d4\" data-element_type=\"container\" data-e-type=\"container\" data-settings=\"{&quot;background_background&quot;:&quot;classic&quot;}\">\n\t\t\t\t<div class=\"elementor-element elementor-element-0c37516 elementor-widget elementor-widget-heading\" data-id=\"0c37516\" data-element_type=\"widget\" data-e-type=\"widget\" data-widget_type=\"heading.default\">\n\t\t\t\t<div class=\"elementor-widget-container\">\n\t\t\t\t\t<span class=\"elementor-heading-title elementor-size-xxl\">3<\/span>\t\t\t\t<\/div>\n\t\t\t\t<\/div>\n\t\t\t\t<\/div>\n\t\t\t\t<div class=\"elementor-element elementor-element-eb4baa0 elementor-widget-divider--view-line_text elementor-widget-divider--element-align-center elementor-widget elementor-widget-divider\" data-id=\"eb4baa0\" data-element_type=\"widget\" data-e-type=\"widget\" data-widget_type=\"divider.default\">\n\t\t\t\t<div class=\"elementor-widget-container\">\n\t\t\t\t\t\t\t<div class=\"elementor-divider\">\n\t\t\t<span class=\"elementor-divider-separator\">\n\t\t\t\t\t\t\t<span class=\"elementor-divider__text elementor-divider__element\">\n\t\t\t\tObjectiu Espec\u00edfic OE3\t\t\t\t<\/span>\n\t\t\t\t\t\t<\/span>\n\t\t<\/div>\n\t\t\t\t\t\t<\/div>\n\t\t\t\t<\/div>\n\t\t\t\t<div class=\"elementor-element elementor-element-4e8911e elementor-widget elementor-widget-heading\" data-id=\"4e8911e\" data-element_type=\"widget\" data-e-type=\"widget\" data-widget_type=\"heading.default\">\n\t\t\t\t<div class=\"elementor-widget-container\">\n\t\t\t\t\t<h2 class=\"elementor-heading-title elementor-size-default\">Identitats<\/h2>\t\t\t\t<\/div>\n\t\t\t\t<\/div>\n\t\t\t\t<div class=\"elementor-element elementor-element-646401b elementor-widget elementor-widget-text-editor\" data-id=\"646401b\" data-element_type=\"widget\" data-e-type=\"widget\" data-widget_type=\"text-editor.default\">\n\t\t\t\t<div class=\"elementor-widget-container\">\n\t\t\t\t\t\t\t\t\t<p>Investigar el paper que tenen diferents pr\u00e0ctiques curriculars i pedag\u00f2giques, aix\u00ed com diferents activitats d&#8217;aprenentatge i interaccions entre professorat i alumnat, en la formaci\u00f3 de la identitat d&#8217;aprenent i explorar fins a quin punt aquestes pr\u00e0ctiques s&#8217;ajusten a diferents contextos d&#8217;activitat de l&#8217;alumnat i varien en funci\u00f3 de la classe social, g\u00e8nere i origen\/\u00e8tnia.<\/p>\n\t\t\t\t\t\t\t\t<\/div>\n\t\t\t\t<\/div>\n\t\t\t\t<\/div>\n\t\t<div class=\"elementor-element elementor-element-7aacbf5 e-con-full e-flex e-con e-child\" data-id=\"7aacbf5\" data-element_type=\"container\" data-e-type=\"container\" data-settings=\"{&quot;background_background&quot;:&quot;classic&quot;}\">\n\t\t<div class=\"elementor-element elementor-element-e9b13d1 e-con-full e-flex e-con e-child\" data-id=\"e9b13d1\" data-element_type=\"container\" data-e-type=\"container\" data-settings=\"{&quot;background_background&quot;:&quot;classic&quot;}\">\n\t\t\t\t<div class=\"elementor-element elementor-element-0c2e447 elementor-widget elementor-widget-heading\" data-id=\"0c2e447\" data-element_type=\"widget\" data-e-type=\"widget\" data-widget_type=\"heading.default\">\n\t\t\t\t<div class=\"elementor-widget-container\">\n\t\t\t\t\t<span class=\"elementor-heading-title elementor-size-xxl\">4<\/span>\t\t\t\t<\/div>\n\t\t\t\t<\/div>\n\t\t\t\t<\/div>\n\t\t\t\t<div class=\"elementor-element elementor-element-7b32209 elementor-widget-divider--view-line_text elementor-widget-divider--element-align-center elementor-widget elementor-widget-divider\" data-id=\"7b32209\" data-element_type=\"widget\" data-e-type=\"widget\" data-widget_type=\"divider.default\">\n\t\t\t\t<div class=\"elementor-widget-container\">\n\t\t\t\t\t\t\t<div class=\"elementor-divider\">\n\t\t\t<span class=\"elementor-divider-separator\">\n\t\t\t\t\t\t\t<span class=\"elementor-divider__text elementor-divider__element\">\n\t\t\t\tObjectiu Espec\u00edfic OE4\t\t\t\t<\/span>\n\t\t\t\t\t\t<\/span>\n\t\t<\/div>\n\t\t\t\t\t\t<\/div>\n\t\t\t\t<\/div>\n\t\t\t\t<div class=\"elementor-element elementor-element-de5ba15 elementor-widget elementor-widget-heading\" data-id=\"de5ba15\" data-element_type=\"widget\" data-e-type=\"widget\" data-widget_type=\"heading.default\">\n\t\t\t\t<div class=\"elementor-widget-container\">\n\t\t\t\t\t<h2 class=\"elementor-heading-title elementor-size-default\">Transformacions<\/h2>\t\t\t\t<\/div>\n\t\t\t\t<\/div>\n\t\t\t\t<div class=\"elementor-element elementor-element-a32b8c0 elementor-widget elementor-widget-text-editor\" data-id=\"a32b8c0\" data-element_type=\"widget\" data-e-type=\"widget\" data-widget_type=\"text-editor.default\">\n\t\t\t\t<div class=\"elementor-widget-container\">\n\t\t\t\t\t\t\t\t\t<p>Estudiar com es transforma, narra i reconstrueix la identitat d&#8217;aprenent en funci\u00f3 de diferents experi\u00e8ncies\/traject\u00f2ries d&#8217;aprenentatge i de projeccions i aspiracions futures, i analitzar les representacions que l&#8217;alumnat fa d&#8217;aquestes (potencials) transformacions.<\/p>\n\t\t\t\t\t\t\t\t<\/div>\n\t\t\t\t<\/div>\n\t\t\t\t<\/div>\n\t\t\t\t\t<\/div>\n\t\t\t\t<\/div>\n\t\t<div class=\"elementor-element elementor-element-0e91744 e-flex e-con-boxed e-con e-parent\" data-id=\"0e91744\" data-element_type=\"container\" data-e-type=\"container\">\n\t\t\t\t\t<div class=\"e-con-inner\">\n\t\t\t\t<div class=\"elementor-element elementor-element-81b4f56 elementor-widget elementor-widget-image\" data-id=\"81b4f56\" data-element_type=\"widget\" data-e-type=\"widget\" data-widget_type=\"image.default\">\n\t\t\t\t<div class=\"elementor-widget-container\">\n\t\t\t\t\t\t\t\t\t\t\t\t\t\t\t<img decoding=\"async\" src=\"https:\/\/learnerproject.org\/wp-content\/uploads\/2024\/04\/esquema-CAT-3.svg\" class=\"attachment-full size-full wp-image-1369\" alt=\"\" \/>\t\t\t\t\t\t\t\t\t\t\t\t\t\t\t<\/div>\n\t\t\t\t<\/div>\n\t\t\t\t\t<\/div>\n\t\t\t\t<\/div>\n\t\t\t\t<\/div>\n\t\t","protected":false},"excerpt":{"rendered":"<p>L&#8217;objectiu general de LEARNER \u00e9s analitzar l&#8217;impacte de les pol\u00edtiques curriculars, les pr\u00e0ctiques pedag\u00f2giques i els contextos socials dels i les estudiants en la construcci\u00f3 de la seva identitat d&#8217;aprenent, a trav\u00e9s de l&#8217;articulaci\u00f3 de diferents experi\u00e8ncies i traject\u00f2ries d&#8217;aprenentatge durant l&#8217;educaci\u00f3 secund\u00e0ria. 1 Objectiu Espec\u00edfic OE1 Concepcions Analitzar les concepcions sobre aprenentatge subjacents en [&hellip;]<\/p>\n","protected":false},"author":1,"featured_media":0,"parent":0,"menu_order":0,"comment_status":"closed","ping_status":"closed","template":"","meta":{"footnotes":""},"class_list":["post-1250","page","type-page","status-publish","hentry"],"_links":{"self":[{"href":"https:\/\/learnerproject.org\/ca\/wp-json\/wp\/v2\/pages\/1250","targetHints":{"allow":["GET"]}}],"collection":[{"href":"https:\/\/learnerproject.org\/ca\/wp-json\/wp\/v2\/pages"}],"about":[{"href":"https:\/\/learnerproject.org\/ca\/wp-json\/wp\/v2\/types\/page"}],"author":[{"embeddable":true,"href":"https:\/\/learnerproject.org\/ca\/wp-json\/wp\/v2\/users\/1"}],"replies":[{"embeddable":true,"href":"https:\/\/learnerproject.org\/ca\/wp-json\/wp\/v2\/comments?post=1250"}],"version-history":[{"count":7,"href":"https:\/\/learnerproject.org\/ca\/wp-json\/wp\/v2\/pages\/1250\/revisions"}],"predecessor-version":[{"id":1375,"href":"https:\/\/learnerproject.org\/ca\/wp-json\/wp\/v2\/pages\/1250\/revisions\/1375"}],"wp:attachment":[{"href":"https:\/\/learnerproject.org\/ca\/wp-json\/wp\/v2\/media?parent=1250"}],"curies":[{"name":"wp","href":"https:\/\/api.w.org\/{rel}","templated":true}]}}